{"id":67,"date":"2022-09-27T11:27:53","date_gmt":"2022-09-27T09:27:53","guid":{"rendered":"https:\/\/ebersgoens.info\/?page_id=67"},"modified":"2025-02-05T08:15:22","modified_gmt":"2025-02-05T07:15:22","slug":"vereine","status":"publish","type":"page","link":"https:\/\/ebersgoens.info\/?page_id=67","title":{"rendered":"Die Ebersg\u00f6nser Vereine"},"content":{"rendered":"\n<div class=\"wp-block-group alignwide is-layout-flow wp-block-group-is-layout-flow\">\n<h2 class=\"wp-block-heading\"><strong>TSV 1919 Ebersg\u00f6ns e.V.<\/strong><\/h2>\n\n\n\n<div class=\"wp-block-media-text alignwide is-stacked-on-mobile\" style=\"grid-template-columns:20% auto\"><figure class=\"wp-block-media-text__media\"><img loading=\"lazy\" decoding=\"async\" width=\"98\" height=\"99\" src=\"https:\/\/ebersgoens.info\/wp-content\/uploads\/2022\/09\/tsv.png\" alt=\"\" class=\"wp-image-218 size-full\"\/><\/figure><div class=\"wp-block-media-text__content\">\n<p><strong>Vorsitzender: Klaus H\u00fcbner<\/strong><br>Auf der Heide 12, 35510 Butzbach-Ebersg\u00f6ns<\/p>\n\n\n\n<p>Telefon: 06447 \/ 6969<br>E-Mail: tsvebersgoens@gmail.com<br>Internet: <a href=\"http:\/\/www.tsv-1919-ebersgoens.de\" data-type=\"URL\" data-id=\"www.tsv-1919-ebersgoens.de\" target=\"_blank\" rel=\"noreferrer noopener\"><strong>www.tsv-1919-ebersgoens.de<\/strong><\/a><\/p>\n<\/div><\/div>\n<\/div>\n\n\n\n<hr class=\"wp-block-separator has-alpha-channel-opacity is-style-wide\"\/>\n\n\n\n<div class=\"wp-block-group alignwide has-white-background-color has-background is-layout-flow wp-block-group-is-layout-flow\">\n<h2 class=\"wp-block-heading\"><strong>Freiwillige Feuerwehr Ebersg\u00f6ns<\/strong><\/h2>\n\n\n\n<div class=\"wp-block-media-text alignwide is-stacked-on-mobile\" style=\"grid-template-columns:20% auto\"><figure class=\"wp-block-media-text__media\"><img loading=\"lazy\" decoding=\"async\" width=\"805\" height=\"639\" src=\"https:\/\/ebersgoens.info\/wp-content\/uploads\/2022\/09\/FFW.png\" alt=\"\" class=\"wp-image-196 size-full\" srcset=\"https:\/\/ebersgoens.info\/wp-content\/uploads\/2022\/09\/FFW.png 805w, https:\/\/ebersgoens.info\/wp-content\/uploads\/2022\/09\/FFW-300x238.png 300w, https:\/\/ebersgoens.info\/wp-content\/uploads\/2022\/09\/FFW-768x610.png 768w\" sizes=\"auto, (max-width: 805px) 100vw, 805px\" \/><\/figure><div class=\"wp-block-media-text__content\">\n<p><strong>Vorsitzender: Alexander C. Wei\u00df<\/strong><br>Zum Wei\u00dfen Stein 8, 35510 Butzbach-Ebersg\u00f6ns<\/p>\n\n\n\n<p>Telefon: 0171 \/ 294 89 65<br>E-Mail: vorsitzender@feuerwehr-ebersgoens.de<br>Internet: <a href=\"http:\/\/www.feuerwehr-ebersgoens.de\" data-type=\"URL\" data-id=\"www.feuerwehr-ebersgoens.de\" target=\"_blank\" rel=\"noreferrer noopener\"><strong>www.feuerwehr-ebersgoens.de<\/strong><\/a><\/p>\n<\/div><\/div>\n<\/div>\n\n\n\n<hr class=\"wp-block-separator has-alpha-channel-opacity is-style-wide\"\/>\n\n\n\n<div class=\"wp-block-group alignwide is-layout-flow wp-block-group-is-layout-flow\">\n<h2 class=\"wp-block-heading\"><strong>Sch\u00fctzenverein 1924 Ebersg\u00f6ns e.V.<\/strong><\/h2>\n\n\n\n<div class=\"wp-block-media-text alignwide is-stacked-on-mobile\" style=\"grid-template-columns:20% auto\"><figure class=\"wp-block-media-text__media\"><img loading=\"lazy\" decoding=\"async\" width=\"137\" height=\"150\" src=\"https:\/\/ebersgoens.info\/wp-content\/uploads\/2022\/09\/cropped-SV-Ebersgoens_Logo_v2018_09_kl-e1569689459840.png\" alt=\"\" class=\"wp-image-216 size-full\"\/><\/figure><div class=\"wp-block-media-text__content\">\n<p><strong>Vorsitzender: Ralf Winter<\/strong><br>Limesstra\u00dfe 8, 35510 Butzbach-Ebersg\u00f6ns<\/p>\n\n\n\n<p>Telefon: 06447 \/ 922058<br>E-Mail: mcwinter@web.de<br>Internet: <a href=\"http:\/\/www.sv-ebersgoens.de\" data-type=\"URL\" data-id=\"www.sv-ebersgoens.de\" target=\"_blank\" rel=\"noreferrer noopener\"><strong>www.sv-ebersgoens.de<\/strong><\/a><\/p>\n<\/div><\/div>\n<\/div>\n\n\n\n<hr class=\"wp-block-separator has-alpha-channel-opacity is-style-wide\"\/>\n\n\n\n<div class=\"wp-block-group alignwide has-white-background-color has-background is-layout-flow wp-block-group-is-layout-flow\">\n<h2 class=\"wp-block-heading\"><strong>Laienspielschar Ebersg\u00f6ns 1947 <\/strong><\/h2>\n\n\n\n<div class=\"wp-block-media-text alignwide is-stacked-on-mobile\" style=\"grid-template-columns:20% auto\"><figure class=\"wp-block-media-text__media\"><img loading=\"lazy\" decoding=\"async\" width=\"380\" height=\"384\" src=\"https:\/\/ebersgoens.info\/wp-content\/uploads\/2022\/09\/LSP-PTk.png\" alt=\"\" class=\"wp-image-193 size-full\" srcset=\"https:\/\/ebersgoens.info\/wp-content\/uploads\/2022\/09\/LSP-PTk.png 380w, https:\/\/ebersgoens.info\/wp-content\/uploads\/2022\/09\/LSP-PTk-297x300.png 297w\" sizes=\"auto, (max-width: 380px) 100vw, 380px\" \/><\/figure><div class=\"wp-block-media-text__content\">\n<p><strong>Vorsitzender: Patrick Rettig<\/strong><br>Am Bergwerk 12, 35510 Butzbach<\/p>\n\n\n\n<p>Telefon: 0172 \/ 7687877                                                                                                                                                    E-Mail: vorstand@laienspielschar-ebersgoens.de<br>Internet: <a href=\"http:\/\/www.laienspielschar-ebersg\u00f6ns.de\" data-type=\"URL\" data-id=\"www.laienspielschar-ebersg\u00f6ns.de\" target=\"_blank\" rel=\"noreferrer noopener\"><strong>www.laienspielschar-ebersgoens.de<\/strong><\/a><\/p>\n<\/div><\/div>\n<\/div>\n\n\n\n<hr class=\"wp-block-separator has-alpha-channel-opacity is-style-wide\"\/>\n\n\n\n<div class=\"wp-block-group alignwide is-layout-flow wp-block-group-is-layout-flow\">\n<h2 class=\"wp-block-heading\"><strong>NABU Ortsgruppe Ebersg\u00f6ns e.V.<\/strong><\/h2>\n\n\n\n<div class=\"wp-block-media-text alignwide is-stacked-on-mobile\" style=\"grid-template-columns:20% auto\"><figure class=\"wp-block-media-text__media\"><img loading=\"lazy\" decoding=\"async\" width=\"150\" height=\"113\" src=\"https:\/\/ebersgoens.info\/wp-content\/uploads\/2022\/09\/nabu.jpg\" alt=\"\" class=\"wp-image-222 size-full\"\/><\/figure><div class=\"wp-block-media-text__content\">\n<p><strong>Vorsitzende: Christina Wei\u00df<\/strong><br>Zum Wei\u00dfen Stein 8, 35510 Butzbach-Ebersg\u00f6ns<\/p>\n\n\n\n<p>Telefon: 0160 \/ 18 66 047<br>E-Mail: christina.weiss@zws8.de<br>Internet: <a href=\"https:\/\/www.wetterau-nabu.de\/\" target=\"_blank\" rel=\"noreferrer noopener\"><strong>https:\/\/www.wetterau-nabu.de<\/strong><\/a><\/p>\n<\/div><\/div>\n<\/div>\n\n\n\n<hr class=\"wp-block-separator has-alpha-channel-opacity is-style-wide\"\/>\n\n\n\n<div class=\"wp-block-group alignwide has-white-background-color has-background is-layout-flow wp-block-group-is-layout-flow\">\n<h2 class=\"wp-block-heading\"><strong>Stammtischclub SC Hoch+Weit<\/strong><\/h2>\n\n\n\n<div class=\"wp-block-media-text alignwide is-stacked-on-mobile\" style=\"grid-template-columns:20% auto\"><figure class=\"wp-block-media-text__media\"><img loading=\"lazy\" decoding=\"async\" width=\"149\" height=\"100\" src=\"https:\/\/ebersgoens.info\/wp-content\/uploads\/2022\/09\/hoch_u_weit.jpg\" alt=\"\" class=\"wp-image-194 size-full\"\/><\/figure><div class=\"wp-block-media-text__content\">\n<p><strong>Vorsitzender: Hans J\u00fcrgen Jung<\/strong><br>Zur Pfingstweide 8, 35510 Butzbach-Ebersg\u00f6ns<\/p>\n\n\n\n<p>Telefon: 06447 \/ 6338 <\/p>\n\n\n\n<p>E-Mail: b.schindel@t-online.de<\/p>\n<\/div><\/div>\n<\/div>\n\n\n\n<hr class=\"wp-block-separator has-alpha-channel-opacity is-style-wide\"\/>\n\n\n\n<div class=\"wp-block-group alignwide has-white-background-color has-background is-layout-flow wp-block-group-is-layout-flow\">\n<h2 class=\"wp-block-heading\"><strong>Ewerschgieser Hoingkm\u00e4nner<\/strong><\/h2>\n\n\n\n<div class=\"wp-block-media-text alignwide is-stacked-on-mobile\" style=\"grid-template-columns:20% auto\"><figure class=\"wp-block-media-text__media\"><img loading=\"lazy\" decoding=\"async\" width=\"70\" height=\"100\" src=\"https:\/\/ebersgoens.info\/wp-content\/uploads\/2022\/09\/hoingkmaenner.jpg\" alt=\"\" class=\"wp-image-195 size-full\"\/><\/figure><div class=\"wp-block-media-text__content\">\n<p><strong>Vorsitzender: Herbert Jung<\/strong><br><br>Telefon: 0151 \/ 52103673<br>E-Mail: h.jung-ebg@gmx.de<\/p>\n\n\n\n<p><br><\/p>\n<\/div><\/div>\n<\/div>\n\n\n\n<hr class=\"wp-block-separator has-alpha-channel-opacity is-style-wide\"\/>\n\n\n\n<div class=\"wp-block-group alignwide is-layout-flow wp-block-group-is-layout-flow\">\n<h2 class=\"wp-block-heading\"><strong>Verein zur F\u00f6rderung der Gemeindearbeit in der evangelischen Kirchengemeinde Ebersg\u00f6ns e.V.<\/strong><\/h2>\n\n\n\n<div class=\"wp-block-media-text alignwide is-stacked-on-mobile\" style=\"grid-template-columns:20% auto\"><figure class=\"wp-block-media-text__media\"><img loading=\"lazy\" decoding=\"async\" width=\"543\" height=\"382\" src=\"https:\/\/ebersgoens.info\/wp-content\/uploads\/2024\/10\/20240711_2130382-2.jpg\" alt=\"\" class=\"wp-image-884 size-full\" srcset=\"https:\/\/ebersgoens.info\/wp-content\/uploads\/2024\/10\/20240711_2130382-2.jpg 543w, https:\/\/ebersgoens.info\/wp-content\/uploads\/2024\/10\/20240711_2130382-2-300x211.jpg 300w, https:\/\/ebersgoens.info\/wp-content\/uploads\/2024\/10\/20240711_2130382-2-130x90.jpg 130w\" sizes=\"auto, (max-width: 543px) 100vw, 543px\" \/><\/figure><div class=\"wp-block-media-text__content\">\n<p><strong>Vorsitzender: Matthias Balk<\/strong><\/p>\n\n\n\n<p>Telefon: 0172 \/ 6240552<br>E-Mail: matthiasbalk-foerderverein@t-online.de<br>Internet: <a href=\"http:\/\/www.ebersgoens.de\" data-type=\"URL\" data-id=\"www.ebersgoens.de\" target=\"_blank\" rel=\"noreferrer noopener\"><strong>www.ebersgoens.de<\/strong><\/a><\/p>\n<\/div><\/div>\n<\/div>\n\n\n\n<hr class=\"wp-block-separator has-alpha-channel-opacity is-style-wide\"\/>\n\n\n\n<div class=\"wp-block-group alignwide is-layout-flow wp-block-group-is-layout-flow\">\n<h2 class=\"wp-block-heading\"><strong>Ebersg\u00f6nser Backhausverein e.V.<\/strong><\/h2>\n\n\n\n<div class=\"wp-block-media-text alignwide is-stacked-on-mobile\" style=\"grid-template-columns:20% auto\"><figure class=\"wp-block-media-text__media\"><img loading=\"lazy\" decoding=\"async\" width=\"132\" height=\"160\" src=\"https:\/\/ebersgoens.info\/wp-content\/uploads\/2022\/09\/backhaus.gif\" alt=\"\" class=\"wp-image-223 size-full\"\/><\/figure><div class=\"wp-block-media-text__content\">\n<p><strong>Vorsitzender: Stephan Gallus<\/strong><\/p>\n\n\n\n<p>E-Mail: backhausverein@ewerschgies.de<br>Internet: <a href=\"http:\/\/backhausverein.ewerschgies.de\" data-type=\"URL\" data-id=\"http:\/\/backhausverein.ewerschgies.de\" target=\"_blank\" rel=\"noreferrer noopener\"><strong>backhausverein.ewerschgies.de<\/strong><\/a><\/p>\n<\/div><\/div>\n<\/div>\n\n\n\n<hr class=\"wp-block-separator has-alpha-channel-opacity is-style-wide\"\/>\n\n\n\n<div class=\"wp-block-group alignwide is-layout-flow wp-block-group-is-layout-flow\">\n<h2 class=\"wp-block-heading\"><strong>VdK-Ortsverband<\/strong><\/h2>\n\n\n\n<div class=\"wp-block-media-text alignwide is-stacked-on-mobile\" style=\"grid-template-columns:20% auto\"><figure class=\"wp-block-media-text__media\"><img loading=\"lazy\" decoding=\"async\" width=\"219\" height=\"90\" src=\"https:\/\/ebersgoens.info\/wp-content\/uploads\/2022\/09\/vdk-banner-hessen-thueringen-e1664502406989.png\" alt=\"\" class=\"wp-image-224 size-full\"\/><\/figure><div class=\"wp-block-media-text__content\">\n<p><strong>Vorsitzende(r) : Stelle zur Zeit vakant<\/strong><br>Telefon: N.N. <br>E-Mail: N.N.<br>Internet: <strong><a href=\"https:\/\/www.vdk.de\/ov-ebersgoens\/ID168304\">https:\/\/www.vdk.de\/ov-ebersgoens\/ID168304<\/a><\/strong><\/p>\n<\/div><\/div>\n<\/div>\n\n\n\n<hr class=\"wp-block-separator has-alpha-channel-opacity is-style-wide\"\/>\n","protected":false},"excerpt":{"rendered":"<p>TSV 1919 Ebersg\u00f6ns e.V. Vorsitzender: Klaus H\u00fcbnerAuf der Heide 12, 35510 Butzbach-Ebersg\u00f6ns Telefon: 06447 \/ 6969E-Mail: tsvebersgoens@gmail.comInternet: www.tsv-1919-ebersgoens.de Freiwillige Feuerwehr<\/p>\n","protected":false},"author":2,"featured_media":0,"parent":0,"menu_order":0,"comment_status":"closed","ping_status":"closed","template":"","meta":{"colormag_page_container_layout":"default_layout","colormag_page_sidebar_layout":"default_layout","footnotes":""},"class_list":["post-67","page","type-page","status-publish","hentry"],"_links":{"self":[{"href":"https:\/\/ebersgoens.info\/index.php?rest_route=\/wp\/v2\/pages\/67","targetHints":{"allow":["GET"]}}],"collection":[{"href":"https:\/\/ebersgoens.info\/index.php?rest_route=\/wp\/v2\/pages"}],"about":[{"href":"https:\/\/ebersgoens.info\/index.php?rest_route=\/wp\/v2\/types\/page"}],"author":[{"embeddable":true,"href":"https:\/\/ebersgoens.info\/index.php?rest_route=\/wp\/v2\/users\/2"}],"replies":[{"embeddable":true,"href":"https:\/\/ebersgoens.info\/index.php?rest_route=%2Fwp%2Fv2%2Fcomments&post=67"}],"version-history":[{"count":27,"href":"https:\/\/ebersgoens.info\/index.php?rest_route=\/wp\/v2\/pages\/67\/revisions"}],"predecessor-version":[{"id":1306,"href":"https:\/\/ebersgoens.info\/index.php?rest_route=\/wp\/v2\/pages\/67\/revisions\/1306"}],"wp:attachment":[{"href":"https:\/\/ebersgoens.info\/index.php?rest_route=%2Fwp%2Fv2%2Fmedia&parent=67"}],"curies":[{"name":"wp","href":"https:\/\/api.w.org\/{rel}","templated":true}]}}